{"version":"1.0","provider_name":"The Finnish Folk Music Institute","provider_url":"https:\/\/kansanmusiikki-instituutti.fi\/en","author_name":"Lauri","author_url":"https:\/\/kansanmusiikki-instituutti.fi\/en\/author\/lauri\/","title":"Uusi vihko vie n\u00e4pp\u00e4rimusaa maailmalle - Kansanmusiikki-instituutti","type":"rich","width":600,"height":338,"html":"<blockquote class=\"wp-embedded-content\" data-secret=\"fVqbBHhDCn\"><a href=\"https:\/\/kansanmusiikki-instituutti.fi\/en\/2025\/07\/04\/uusi-vihko-vie-napparimusaa-maailmalle\/\">New N\u00e4pp\u00e4ri sheet music out<\/a><\/blockquote><iframe sandbox=\"allow-scripts\" security=\"restricted\" src=\"https:\/\/kansanmusiikki-instituutti.fi\/en\/2025\/07\/04\/uusi-vihko-vie-napparimusaa-maailmalle\/embed\/#?secret=fVqbBHhDCn\" width=\"600\" height=\"338\" title=\"&#8220;Uusi vihko vie n\u00e4pp\u00e4rimusaa maailmalle&#8221; &#8212; Kansanmusiikki-instituutti\" data-secret=\"fVqbBHhDCn\" frameborder=\"0\" marginwidth=\"0\" marginheight=\"0\" scrolling=\"no\" class=\"wp-embedded-content\"><\/iframe><script type=\"text\/javascript\">\n\/* <![CDATA[ *\/\n\/*! This file is auto-generated *\/\n!function(d,l){\"use strict\";l.querySelector&&d.addEventListener&&\"undefined\"!=typeof URL&&(d.wp=d.wp||{},d.wp.receiveEmbedMessage||(d.wp.receiveEmbedMessage=function(e){var t=e.data;if((t||t.secret||t.message||t.value)&&!\/[^a-zA-Z0-9]\/.test(t.secret)){for(var s,r,n,a=l.querySelectorAll('iframe[data-secret=\"'+t.secret+'\"]'),o=l.querySelectorAll('blockquote[data-secret=\"'+t.secret+'\"]'),c=new RegExp(\"^https?:$\",\"i\"),i=0;i<o.length;i++)o[i].style.display=\"none\";for(i=0;i<a.length;i++)s=a[i],e.source===s.contentWindow&&(s.removeAttribute(\"style\"),\"height\"===t.message?(1e3<(r=parseInt(t.value,10))?r=1e3:~~r<200&&(r=200),s.height=r):\"link\"===t.message&&(r=new URL(s.getAttribute(\"src\")),n=new URL(t.value),c.test(n.protocol))&&n.host===r.host&&l.activeElement===s&&(d.top.location.href=t.value))}},d.addEventListener(\"message\",d.wp.receiveEmbedMessage,!1),l.addEventListener(\"DOMContentLoaded\",function(){for(var e,t,s=l.querySelectorAll(\"iframe.wp-embedded-content\"),r=0;r<s.length;r++)(t=(e=s[r]).getAttribute(\"data-secret\"))||(t=Math.random().toString(36).substring(2,12),e.src+=\"#?secret=\"+t,e.setAttribute(\"data-secret\",t)),e.contentWindow.postMessage({message:\"ready\",secret:t},\"*\")},!1)))}(window,document);\n\/* ]]> *\/\n<\/script>","thumbnail_url":"https:\/\/kansanmusiikki-instituutti.fi\/wp-content\/uploads\/2025\/07\/Napparivihko-25-06-30-scaled.jpg","thumbnail_width":2560,"thumbnail_height":1443,"description":"Muun muassa Lastenkulttuurin valtionpalkinnolla 2023 huomioidun n\u00e4pp\u00e4ripedadogiikan nousukiito on jatkunut viime vuodet. Sit\u00e4 kuvastavat enn\u00e4tykselliset osallistujaluvut \u2013 noin 100 lasta ja nuorta Kaustisella toimivassa ymp\u00e4rivuotisessa n\u00e4pp\u00e4riryhm\u00e4ss\u00e4, 360 osallistujaa kaikkialta maasta alkukes\u00e4n Kaustisen n\u00e4pp\u00e4rikurssilla ja noin 550 osallistujaa Kaustisen kansanmusiikkijuhlien N\u00e4pp\u00e4rikonsertissa, johon liittyy t\u00e4n\u00e4 vuonna viidest\u00e4 maasta noin sata vierasta tuova Folkskandia-tapahtuma. Kehitysaskelina on my\u00f6s n\u00e4pp\u00e4ripohjaisen [&hellip;]"}